{"version":"1.0","provider_name":"GrupoExpro","provider_url":"https:\/\/grupoexpro.com\/colombia","author_name":"admin","author_url":"https:\/\/grupoexpro.com\/colombia\/author\/admin\/","title":"Diversidad & Inclusi\u00f3n - GrupoExpro","type":"rich","width":600,"height":338,"html":"<blockquote class=\"wp-embedded-content\" data-secret=\"NoiX0beTGo\"><a href=\"https:\/\/grupoexpro.com\/colombia\/portfolio\/diversidad-inclusion\/\">Diversidad &#038; Inclusi\u00f3n<\/a><\/blockquote><iframe sandbox=\"allow-scripts\" security=\"restricted\" src=\"https:\/\/grupoexpro.com\/colombia\/portfolio\/diversidad-inclusion\/embed\/#?secret=NoiX0beTGo\" width=\"600\" height=\"338\" title=\"\u00abDiversidad &#038; Inclusi\u00f3n\u00bb \u2014 GrupoExpro\" data-secret=\"NoiX0beTGo\" frameborder=\"0\" marginwidth=\"0\" marginheight=\"0\" scrolling=\"no\" class=\"wp-embedded-content\"><\/iframe><script type=\"text\/javascript\">\n\/* <![CDATA[ *\/\n\/*! This file is auto-generated *\/\n!function(d,l){\"use strict\";l.querySelector&&d.addEventListener&&\"undefined\"!=typeof URL&&(d.wp=d.wp||{},d.wp.receiveEmbedMessage||(d.wp.receiveEmbedMessage=function(e){var t=e.data;if((t||t.secret||t.message||t.value)&&!\/[^a-zA-Z0-9]\/.test(t.secret)){for(var s,r,n,a=l.querySelectorAll('iframe[data-secret=\"'+t.secret+'\"]'),o=l.querySelectorAll('blockquote[data-secret=\"'+t.secret+'\"]'),c=new RegExp(\"^https?:$\",\"i\"),i=0;i<o.length;i++)o[i].style.display=\"none\";for(i=0;i<a.length;i++)s=a[i],e.source===s.contentWindow&&(s.removeAttribute(\"style\"),\"height\"===t.message?(1e3<(r=parseInt(t.value,10))?r=1e3:~~r<200&&(r=200),s.height=r):\"link\"===t.message&&(r=new URL(s.getAttribute(\"src\")),n=new URL(t.value),c.test(n.protocol))&&n.host===r.host&&l.activeElement===s&&(d.top.location.href=t.value))}},d.addEventListener(\"message\",d.wp.receiveEmbedMessage,!1),l.addEventListener(\"DOMContentLoaded\",function(){for(var e,t,s=l.querySelectorAll(\"iframe.wp-embedded-content\"),r=0;r<s.length;r++)(t=(e=s[r]).getAttribute(\"data-secret\"))||(t=Math.random().toString(36).substring(2,12),e.src+=\"#?secret=\"+t,e.setAttribute(\"data-secret\",t)),e.contentWindow.postMessage({message:\"ready\",secret:t},\"*\")},!1)))}(window,document);\n\/\/# sourceURL=https:\/\/grupoexpro.com\/colombia\/wp-includes\/js\/wp-embed.min.js\n\/* ]]> *\/\n<\/script>\n","thumbnail_url":"https:\/\/grupoexpro.com\/colombia\/wp-content\/uploads\/2023\/03\/img_servicios_diversidad.jpg","thumbnail_width":710,"thumbnail_height":697,"description":"\/\/ SERVICIOS Diversidad &amp; Inclusi\u00f3n Nuestro prop\u00f3sito es transformar el panorama laboral en Colombia al facilitar la inclusi\u00f3n de personas con discapacidad y diversidad funcional. A trav\u00e9s de procesos de selecci\u00f3n personalizados, capacitaci\u00f3n integral y acompa\u00f1amiento continuo, garantizamos una integraci\u00f3n efectiva, equitativa y sostenible en las organizaciones. Nos comprometemos a construir entornos laborales inclusivos que [&hellip;]"}